{"id":206,"date":"2022-10-06T20:04:39","date_gmt":"2022-10-06T18:04:39","guid":{"rendered":"http:\/\/sf-germany.com\/einheiten\/usb-midgard\/?page_id=206"},"modified":"2023-02-11T22:30:34","modified_gmt":"2023-02-11T21:30:34","slug":"yvonne-renard","status":"publish","type":"page","link":"https:\/\/sf-germany.com\/einheiten\/usb-midgard\/usb-midgard-sb-61\/die-crew\/yvonne-renard\/","title":{"rendered":"Yvonne Renard"},"content":{"rendered":"<table style=\"background: none; border: 0px solid #ffffff; font-weight: bold;\" border=\"0\" width=\"95%\" cellspacing=\"5\" cellpadding=\"5\" align=\"center\">\n<tbody>\n<tr>\n<td style=\"background: none; border-radius: 1em; border: 0px solid #003366; box-shadow: 0.1em 0.1em 0.5em rgba(0,0,0,0.75); -moz-border-radius: 1em; -webkit-border-radius: 1em; -moz-box-shadow: 0.1em 0.1em 0.5em rgba(0, 0, 0, 0.75); -webkit-box-shadow: 0.1em 0.1em 0.5em rgba(0, 0, 0, 0.75);\" colspan=\"5\" rowspan=\"3\" align=\"center\" valign=\"middle\">\n<h2><b>Yvonne Renard<\/b><\/h2>\n<\/td>\n<\/tr>\n<\/tbody>\n<\/table>\n<div style=\"float: right; margin-left: 15px; margin-bottom: 15px; font-size: 12px;\">\n<table style=\"background: none; border: 0px solid #003366; margin-bottom: 15px; margin-left: 15px; float: right; border-radius: 1em; box-shadow: rgba(0, 0, 0, 0.75) 0.1em 0.1em 0.5em; width: 96.5998%; height: 822px;\" border=\"0\" width=\"270\" cellspacing=\"10\" align=\"right\">\n<tbody>\n<tr style=\"height: 188px;\">\n<td style=\"border-style: solid; border-width: 0px; font-weight: bold; height: 188px;\" colspan=\"2\" align=\"center\" width=\"240\"><a href=\"https:\/\/sf-germany.com\/einheiten\/usb-midgard\/wp-content\/uploads\/2022\/10\/Yvonne20.png\" rel=\"lightbox-0\"><img loading=\"lazy\" decoding=\"async\" class=\"aligncenter wp-image-212\" src=\"https:\/\/sf-germany.com\/einheiten\/usb-midgard\/wp-content\/uploads\/2022\/10\/Yvonne20.png\" alt=\"\" width=\"150\" height=\"189\" srcset=\"https:\/\/sf-germany.com\/einheiten\/usb-midgard\/wp-content\/uploads\/2022\/10\/Yvonne20.png 1750w, https:\/\/sf-germany.com\/einheiten\/usb-midgard\/wp-content\/uploads\/2022\/10\/Yvonne20-239x300.png 239w, https:\/\/sf-germany.com\/einheiten\/usb-midgard\/wp-content\/uploads\/2022\/10\/Yvonne20-815x1024.png 815w, https:\/\/sf-germany.com\/einheiten\/usb-midgard\/wp-content\/uploads\/2022\/10\/Yvonne20-768x965.png 768w, https:\/\/sf-germany.com\/einheiten\/usb-midgard\/wp-content\/uploads\/2022\/10\/Yvonne20-1222x1536.png 1222w, https:\/\/sf-germany.com\/einheiten\/usb-midgard\/wp-content\/uploads\/2022\/10\/Yvonne20-1629x2048.png 1629w\" sizes=\"auto, (max-width: 150px) 100vw, 150px\" \/><\/a><\/td>\n<\/tr>\n<tr style=\"height: 21px;\">\n<td style=\"border-style: solid; border-width: 0px; font-weight: bold; height: 21px;\" colspan=\"2\" align=\"center\" width=\"240\"><\/td>\n<\/tr>\n<tr style=\"height: 21px;\">\n<td style=\"border-style: solid; border-width: 0px; font-weight: bold; height: 21px;\" align=\"right\" width=\"111\">Status<\/td>\n<td style=\"border-style: solid; border-width: 0px; height: 21px;\" align=\"left\" width=\"129\">PC<\/td>\n<\/tr>\n<tr style=\"height: 21px;\">\n<td style=\"border-style: solid; border-width: 0px; font-weight: bold; height: 21px;\" align=\"right\" width=\"111\">Spieler<\/td>\n<td style=\"border-style: solid; border-width: 0px; height: 21px;\" align=\"left\" width=\"129\"><a href=\"https:\/\/www.sf-germany.org\/cgi-bin\/visitenkarte.pl?spieler=176\">Lasse W.<\/a><\/td>\n<\/tr>\n<tr style=\"height: 21px;\">\n<td style=\"background: #555555; border-radius: 1em; box-shadow: rgba(0, 0, 0, 0.75) 0.1em 0.1em 0.5em; font-weight: bold; border: 0px solid #003366; height: 21px;\" colspan=\"2\" align=\"center\" width=\"240\">Dienstliche Informationen<\/td>\n<\/tr>\n<tr style=\"height: 25px;\">\n<td style=\"border-style: solid; border-width: 0px; font-weight: bold; height: 25px;\" align=\"right\" width=\"111\">Ranggrafik<\/td>\n<td style=\"border-style: solid; border-width: 0px; height: 25px;\" align=\"left\" width=\"129\"><a href=\"https:\/\/sf-germany.com\/einheiten\/usb-midgard\/wp-content\/uploads\/2022\/10\/commander_rot.png\" rel=\"lightbox-1\"><img loading=\"lazy\" decoding=\"async\" class=\"aligncenter wp-image-213\" src=\"https:\/\/sf-germany.com\/einheiten\/usb-midgard\/wp-content\/uploads\/2022\/10\/commander_rot.png\" alt=\"\" width=\"100\" height=\"25\" \/><\/a><\/td>\n<\/tr>\n<tr style=\"height: 21px;\">\n<td style=\"border-style: solid; border-width: 0px; font-weight: bold; height: 21px;\" align=\"right\" width=\"111\">Rang<\/td>\n<td style=\"border-style: solid; border-width: 0px; height: 21px;\" align=\"left\" width=\"129\">Commander<\/td>\n<\/tr>\n<tr style=\"height: 21px;\">\n<td style=\"border-style: solid; border-width: 0px; font-weight: bold; height: 21px;\" align=\"right\" width=\"111\">Posten<\/td>\n<td style=\"border-style: solid; border-width: 0px; height: 21px;\" align=\"left\" width=\"129\">EO<\/td>\n<\/tr>\n<tr style=\"height: 21px;\">\n<td style=\"border-style: solid; border-width: 0px; font-weight: bold; height: 21px;\" align=\"right\" width=\"111\">Stationierung<\/td>\n<td style=\"border-style: solid; border-width: 0px; height: 21px;\" align=\"left\" width=\"129\">USB Midgard<\/td>\n<\/tr>\n<tr style=\"height: 21px;\">\n<td style=\"background: #555555; border-radius: 1em; box-shadow: rgba(0, 0, 0, 0.75) 0.1em 0.1em 0.5em; font-weight: bold; border: 0px solid #003366; height: 21px;\" colspan=\"2\" align=\"center\" width=\"240\">Biographische Informationen<\/td>\n<\/tr>\n<tr style=\"height: 21px;\">\n<td style=\"border-style: solid; border-width: 0px; font-weight: bold; height: 21px;\" align=\"right\" width=\"111\">Geburtstag<\/td>\n<td style=\"border-style: solid; border-width: 0px; height: 21px;\" align=\"left\" width=\"129\">12.08.2368<\/td>\n<\/tr>\n<tr style=\"height: 21px;\">\n<td style=\"border-style: solid; border-width: 0px; font-weight: bold; height: 21px;\" align=\"right\" width=\"111\">Geburtsort<\/td>\n<td style=\"border-style: solid; border-width: 0px; height: 21px;\" align=\"left\" width=\"129\">Nordwijk\/Europa\/Erde<\/td>\n<\/tr>\n<tr style=\"height: 21px;\">\n<td style=\"border-style: solid; border-width: 0px; font-weight: bold; height: 21px;\" align=\"right\" width=\"111\">Familienstand<\/td>\n<td style=\"border-style: solid; border-width: 0px; height: 21px;\" align=\"left\" width=\"129\">ledig, Single<\/td>\n<\/tr>\n<tr style=\"height: 126px;\">\n<td style=\"border-style: solid; border-width: 0px; font-weight: bold; height: 126px;\" align=\"right\" width=\"111\">Eltern<\/td>\n<td style=\"border-style: solid; border-width: 0px; height: 126px;\" align=\"left\" width=\"129\">Vater:<br \/>\nPaul Renard, *17.6.2338<br \/>\n+9.11.2382<br \/>\nMutter:<br \/>\nKaren Renard, geb. Sommer, *5.3.2341<\/td>\n<\/tr>\n<tr style=\"height: 21px;\">\n<td style=\"background: #555555; border-radius: 1em; box-shadow: rgba(0, 0, 0, 0.75) 0.1em 0.1em 0.5em; font-weight: bold; border: 0px solid #003366; height: 21px;\" colspan=\"2\" align=\"center\" width=\"240\">Physische Beschreibung<\/td>\n<\/tr>\n<tr style=\"height: 21px;\">\n<td style=\"border-style: solid; border-width: 0px; font-weight: bold; height: 21px;\" align=\"right\" width=\"111\">Spezies<\/td>\n<td style=\"border-style: solid; border-width: 0px; height: 21px;\" align=\"left\" width=\"129\">Mensch<\/td>\n<\/tr>\n<tr style=\"height: 21px;\">\n<td style=\"border-style: solid; border-width: 0px; font-weight: bold; height: 21px;\" align=\"right\" width=\"111\">Geschlecht<\/td>\n<td style=\"border-style: solid; border-width: 0px; height: 21px;\" align=\"left\" width=\"129\">weiblich<\/td>\n<\/tr>\n<tr style=\"height: 21px;\">\n<td style=\"border-style: solid; border-width: 0px; font-weight: bold; height: 21px;\" align=\"right\" width=\"111\">Gr\u00f6\u00dfe<\/td>\n<td style=\"border-style: solid; border-width: 0px; height: 21px;\" align=\"left\" width=\"129\">173 cm<\/td>\n<\/tr>\n<tr style=\"height: 21px;\">\n<td style=\"border-style: solid; border-width: 0px; font-weight: bold; height: 21px;\" align=\"right\" width=\"111\">Gewicht<\/td>\n<td style=\"border-style: solid; border-width: 0px; height: 21px;\" align=\"left\" width=\"129\">63kg<\/td>\n<\/tr>\n<tr style=\"height: 63px;\">\n<td style=\"border-style: solid; border-width: 0px; font-weight: bold; height: 63px;\" align=\"right\" width=\"111\">Haarfarbe<\/td>\n<td style=\"border-style: solid; border-width: 0px; height: 63px;\" align=\"left\" width=\"129\">braun (gef\u00e4rbt; Naturfarbe blond) schulterlang<\/td>\n<\/tr>\n<tr style=\"height: 21px;\">\n<td style=\"border-style: solid; border-width: 0px; font-weight: bold; height: 21px;\" align=\"right\" width=\"111\">Augenfarbe<\/td>\n<td style=\"border-style: solid; border-width: 0px; height: 21px;\" align=\"left\" width=\"129\">dunkelbraun<\/td>\n<\/tr>\n<tr style=\"height: 21px;\">\n<td style=\"background: #555555; border-radius: 1em; box-shadow: rgba(0, 0, 0, 0.75) 0.1em 0.1em 0.5em; border: 0px solid #003366; height: 21px;\" colspan=\"2\" align=\"center\" width=\"240\">Politische informationen<\/td>\n<\/tr>\n<tr style=\"height: 21px;\">\n<td style=\"border-style: solid; border-width: 0px; font-weight: bold; height: 21px;\" align=\"right\" width=\"111\">B\u00fcrgerschaft<\/td>\n<td style=\"border-style: solid; border-width: 0px; height: 21px;\" align=\"left\" width=\"129\">UFP<\/td>\n<\/tr>\n<tr style=\"height: 21px;\">\n<td style=\"border-style: solid; border-width: 0px; font-weight: bold; height: 21px;\" align=\"right\" width=\"111\"><\/td>\n<td style=\"border-style: solid; border-width: 0px; height: 21px;\" align=\"left\" width=\"129\"><\/td>\n<\/tr>\n<\/tbody>\n<\/table>\n<\/div>\n<p><strong><span style=\"font-size: 24pt;\">Lebenslauf<\/span><\/strong><\/p>\n<p>Yvonne Renard wurde am 20.8.2368 geboren und wuchs in dem auf, was im Allgemeinen eine &#8222;intakte Familie&#8220; genannt wird. Obwohl ihre beiden Eltern berufst\u00e4tig waren &#8211; Karen als technische Ingenieurin bei Bork Industries, Paul als einfacher Mitarbeiter im diplomatischen Korps der F\u00f6deration- widmeten sie ihrem einzigen Kind so viel Zeit und Aufmerksamkeit wie sie konnten.<\/p>\n<p>So gab es in Yvonnes fr\u00fcher Jugend nur wenige Situationen, in denen \u00fcber einen l\u00e4ngeren Zeitraum hinweg nicht wenigstens einer ihrer Elternteile f\u00fcr sie greifbar war, sei es, um mit ihr ein Spiel zu spielen oder um sie zu tr\u00f6sten, wenn sie \u00c4rger hatte.<\/p>\n<p>Diese F\u00fcrsorge hatte allerdings nicht nur positiven Einfluss auf Yvonne. Zwar war es ihren Eltern schon fr\u00fch gelungen, ihr moralische Grundprinzipien der F\u00f6deration, wie die Unantastbarkeit von Leben und Besitz, zu vermitteln, andererseits war es ihnen nicht gelungen, ihr im gleichen Ma\u00dfe die Bedeutung von Regeln oder deren Einhaltung zu vermitteln; oftmals haben ihre Eltern dar\u00fcber hinweg gesehen, wenn sie z.B. Abends anstelle ins Bett zu gehen und zu schlafen noch heimlich mit einer Taschenlampe bewaffnet Comics las, solange ihr Kind gl\u00fccklich war.<\/p>\n<p>Mit der Zeit bemerkte Yvonne dies und versuchte herauszufinden, wie weit sie gehen konnte: sie schlich sich nachts in die K\u00fcche und naschte von der Obsttorte f\u00fcr den n\u00e4chsten Tag oder mischte ein Abf\u00fchrmittel in das Futter des Familienhundes. Die Reaktion ihrer Eltern war fast immer gleich. Zun\u00c3\u00a4chst wurden sie w\u00fctend und wiesen Yvonne zurecht, aber sp\u00e4testens nach zwei Tagen war der Vorfall ohne Konsequenzen vergessen.<\/p>\n<p>Ihre Grenze fand Yvonne schlie\u00dflich, als sie eines Tages mit einem Modellbausatz eines unbezahlten Typ-9 Shuttles und einem aufgebrachten Gemischtwarenh\u00e4ndler vor ihren Eltern stand. Diesmal endete die Angelegenheit jedoch nicht mit einigen schnell vergessenen b\u00f6sen Worten, sondern mit einem zweimonatigen Stubenarrest.<\/p>\n<p>Nach den zwei Monaten (es viel ihrem Eltern schwer, aber sie setzten die Strafe nicht einen Tag fr\u00fcher aus) hatte Yvonne ihre Lektion gelernt, auch wenn es ihr bis heute widerstrebt, einer ihrer Meinung nach unsinnigen Regel folge zu leisten.<\/p>\n<p>Im Alter von 14 Jahren verlor Yvonne ihren Vater. Paul Renard hatte sich ein knappes Jahr zuvor bei einer Dienstreise auf Zifras, einer d\u00fcnn besiedelten Sumpfwelt innerhalb der F\u00f6deration, eine Infektion mit einem damals noch nicht bekannten Virusstamm zugezogen, der ihn in den folgenden Monaten langsam t\u00f6tete.<\/p>\n<p>Karen und Yvonne k\u00fcmmerten sich so gut sie konnten um Paul, aber da es f\u00fcr die &#8211; gl\u00fccklicherweise nur von einer zifrischen M\u00fcckenart \u00fcbertragenen &#8211; Krankheit kein Gegenmittel gab, verstarb er am 9.11.2384.<\/p>\n<p>Von 2375 bis 2387 besuchte Yvonne verschiedene Grund- und weiterbildene Schulen auf der Erde. Nach ihrem Schulabschluss begann sie zun\u00e4chst eine Lehre als Handelskauffrau, brach diese aber schon nach wenigen Monaten ab, weil sie sich nicht mit ihrem Vorstellungen deckte. Einige Zeit lang jobbte sie als Hilfskraft in verschiedenen Anstellungen, unter anderem auch in der Firma, die ihre Mutter besch\u00e4ftigte. Keine dieser Anstellungen sagte Yvonne jedoch l\u00e4ngerfristig zu, und so entschloss sie sich schlie\u00dflich ein zweites Mal zu einer Ausbildung. Diesmal viel ihre Entscheidung auf die Akademie der Sternenflotte &#8211; anscheinend eine bessere Wahl, denn sie zog ihre 2389 begonnene Ausbildung ohne Abbruch durch.<\/p>\n<p><strong>2393<\/strong>\u00a0Erfolgreicher Abschluss der Sternenflottenakademie und Bef\u00f6rderung zum F\u00e4hnrich<\/p>\n<p><strong>2393<\/strong>\u00a0Versetzung auf die USS Penrose und Ernennung zum FLG<\/p>\n<p><strong>2395<\/strong>\u00a0Bef\u00f6rderung zum Lt. (jg).<\/p>\n<p><strong>2397<\/strong>\u00a0Ernennung zum 2. Offizier, nachdem ihr Vorg\u00e4nger pensioniert wurde.<\/p>\n<p><strong>2398<\/strong>\u00a0Bef\u00f6rderung zum Lt(sg).<\/p>\n<p><strong>2400<\/strong>\u00a0Versetzung auf die USS Archer und Bef\u00f6rderung zum ersten Offizier<\/p>\n<p><strong>2401<\/strong>\u00a0Bef\u00f6rderung zum Lt.Cmdr<\/p>\n<p><strong>2404<\/strong>\u00a0Bef\u00f6rderung zum Commander<\/p>\n<p><strong>2406<\/strong>\u00a0Im Anschluss an einen Urlaub unerlaubte Abwesenheit von der Einheit. Nach Untersuchung des FKOMs als desertiert gef\u00fchrt, Rechte und Privilegien als Sternenflottenmitglied eingefroren.<\/p>\n<p><strong>2411<\/strong>\u00a0Nach f\u00fcnf Jahren unerlaubter Abwesenheit R\u00fcckmeldung beim FKOM. Nach Pr\u00fcfung des Falles Degradierung zum F\u00e4hnrich und Versetzung als stellvertretende FLG auf die USS Achilles.<\/p>\n<p><strong>2411<\/strong> Bef\u00f6rderung zum Lt. jg. und Versetzung zur stellvertretenden FLG und CAG auf die USS Odyssey.<\/p>\n<p><strong>2414<\/strong> Ernennung zum 2O\/FLG.<\/p>\n<p><strong>2414<\/strong> Ernennung zum EO und Bef\u00f6rderung zum Commander.<\/p>\n<p><strong>2415<\/strong> Die NCC-71832-B Odyssee wird \u00fcber Carraya zerst\u00f6rt. Versetzung als XO auf die NCC-52429-E Odyssee (urspr\u00fcnglich Galavant).<\/p>\n<p><strong>2416<\/strong> Versetzung als EO auf SB-61 (Midgard-Station).<\/p>\n<p>&nbsp;<\/p>\n<hr \/>\n<p><strong><span style=\"font-size: 24pt;\">Orden und Auszeichnungen<\/span><\/strong><a href=\"https:\/\/sf-germany.com\/einheiten\/usb-midgard\/wp-content\/uploads\/2022\/10\/Yvonne.jpg\" rel=\"lightbox-2\"><img loading=\"lazy\" decoding=\"async\" class=\"alignright wp-image-208\" src=\"https:\/\/sf-germany.com\/einheiten\/usb-midgard\/wp-content\/uploads\/2022\/10\/Yvonne.jpg\" alt=\"\" width=\"200\" height=\"283\" srcset=\"https:\/\/sf-germany.com\/einheiten\/usb-midgard\/wp-content\/uploads\/2022\/10\/Yvonne.jpg 620w, https:\/\/sf-germany.com\/einheiten\/usb-midgard\/wp-content\/uploads\/2022\/10\/Yvonne-212x300.jpg 212w\" sizes=\"auto, (max-width: 200px) 100vw, 200px\" \/><\/a><\/p>\n<p>Um Leistungen und Taten geb\u00fchrend zu w\u00fcrdigen ist es das Vorrecht des Kommandanten seine Offiziere mit Ehrenzeichen auszuzeichnen.<\/p>\n<p><strong><span style=\"font-size: 18pt;\">Spangen (F\u00fcr den Alltag)<\/span><\/strong><\/p>\n<p><b><a href=\"https:\/\/sf-germany.com\/einheiten\/usb-midgard\/wp-content\/uploads\/2022\/10\/XO_2.png\" rel=\"lightbox-3\"><img loading=\"lazy\" decoding=\"async\" class=\"alignleft wp-image-207\" src=\"https:\/\/sf-germany.com\/einheiten\/usb-midgard\/wp-content\/uploads\/2022\/10\/XO_2.png\" alt=\"\" width=\"150\" height=\"43\" \/><\/a><\/b><b><\/b><\/p>\n<p>&nbsp;<\/p>\n<p>&nbsp;<\/p>\n<p><b>XO Schwinge<\/b><br \/>\n<i>Vorraussetzung: Der Tr\u00e4ger\/in muss erster Offizier eines Schiffs\/einer Station sein<\/i><\/p>\n<p><a href=\"https:\/\/sf-germany.com\/einheiten\/usb-midgard\/wp-content\/uploads\/2022\/10\/Klingonen-Kampagnen-Ribbon.png\" rel=\"lightbox-4\"><img loading=\"lazy\" decoding=\"async\" class=\"size-full wp-image-209 alignleft\" src=\"https:\/\/sf-germany.com\/einheiten\/usb-midgard\/wp-content\/uploads\/2022\/10\/Klingonen-Kampagnen-Ribbon.png\" alt=\"\" width=\"110\" height=\"35\" \/><\/a><br \/>\n<b><\/b><\/p>\n<p><b>Kampf um Carraya Ribbon<\/b><br \/>\n<i>Vorraussetzung: Der Tr\u00e4ger\/in muss w\u00e4hrend der Bedrohung des Carraya Systems auf einem der Schiffe der Lyma Flotte gedient haben.<\/i><\/p>\n<p><a href=\"https:\/\/sf-germany.com\/einheiten\/usb-midgard\/wp-content\/uploads\/2022\/10\/Medaille-fuer-ausgezeichnete-Dienste_Spange.png\" rel=\"lightbox-5\"><img loading=\"lazy\" decoding=\"async\" class=\"size-full wp-image-211 alignleft\" src=\"https:\/\/sf-germany.com\/einheiten\/usb-midgard\/wp-content\/uploads\/2022\/10\/Medaille-fuer-ausgezeichnete-Dienste_Spange.png\" alt=\"\" width=\"110\" height=\"35\" \/><\/a><\/p>\n<p>&nbsp;<\/p>\n<p><b>Medaille f\u00fcr ausgezeichnete Dienste in der Sternenflotte<\/b><br \/>\n<i>Erkl\u00e4rung: Siehe unten<\/i><\/p>\n<p><span style=\"font-size: 18pt;\"><strong>Orden (F\u00fcr Galauniform)<\/strong><\/span><\/p>\n<p><a href=\"https:\/\/sf-germany.com\/einheiten\/usb-midgard\/wp-content\/uploads\/2022\/10\/Medaille-fuer-ausgezeichnete-Dienste.png\" rel=\"lightbox-6\"><img loading=\"lazy\" decoding=\"async\" class=\"size-full wp-image-210 alignleft\" src=\"https:\/\/sf-germany.com\/einheiten\/usb-midgard\/wp-content\/uploads\/2022\/10\/Medaille-fuer-ausgezeichnete-Dienste.png\" alt=\"\" width=\"144\" height=\"183\" \/><\/a><\/p>\n<p>&nbsp;<\/p>\n<p>&nbsp;<\/p>\n<p>&nbsp;<\/p>\n<p><b>Medaille f\u00fcr ausgezeichnete Dienste in der Sternenflotte<\/b><br \/>\n<span style=\"color: #df626c;\">Vergeben wegen herausragender Leistungen in der Carrayakrise.<br \/>\nVerliehen durch: Cdor. Skyla Lyma.<\/span><\/p>\n<hr \/>\n<p><strong><span style=\"font-size: 24pt;\">Psychologisches Profil<\/span><\/strong><\/p>\n<p>Yvonne Renard ist eine weltoffene Frau, die davon \u00fcberzeugt ist, dass es f\u00fcr jedes Problem eine L\u00f6sung gibt &#8211; man muss sie nur finden. Diese Eigenart geht vermutlich auf ihre Schulzeit zur\u00fcck; damals hatte sie, um den Oberstufenkurs &#8222;Kunst und ihre Aussage \u00fcber den K\u00fcnstler&#8220; besuchen zu k\u00f6nnen kurzerhand einen anderen Sch\u00fcler von der Teilnehmerliste gel\u00f6scht und durch sich ersetzt.<\/p>\n<p>Auch wenn Yvonne &#8211; unter anderem bedingt durch die strenge Ausbildung an der Akademie &#8211; inzwischen nicht mehr zu derart drastischen Mitteln greift, so vertritt sie noch immer die Ansicht, dass man es manchmal `nicht so genau nehmen\u00b4 muss, solange das Endergebnis stimmt und niemand, der es nicht verdient h\u00e4tte, zu schaden kommt. Nepotismus findet sie gut, zumindest, sofern er ihr zugute kommt.<\/p>\n<p>Yvonne geht offen und direkt auf andere Personen zu und macht keinen Hehl daraus, was sie von ihnen findet. Daraus k\u00f6nnen feste Freundschaften, aber auch erbitterte Rivalit\u00e4ten entstehen, die Yvonne beide mit Hingabe pflegen kann. In Gespr\u00e4chen sagt sie ihre Meinung und unterstecht dies oft mit einer flapsigen Bemerkung. Dies sollte jedoch nicht dar\u00fcber hinweg t\u00e4uschen, das sie sich bisweilen selbstsicherer gibt als sie ist.<\/p>\n<p>\u00dcber die Gr\u00fcnde und die Zeit ihrer Abwesenheit von der Sternenflotte gibt Yvonne sich verschlossen. Obwohl sie durchaus \u00fcber diese Zeit spricht, gibt sie meistens nur Randepisoden preis, die eine Rekonstruktion der f\u00fcnf Jahre schwer machen, zumal sich der Wahrheitsgehalt ihrer Aussagen nicht immer \u00fcberpr\u00fcfen l\u00e4sst. \u00dcber ihre Motivation hinter dieser Schweigsamkeit kann nur spekuliert werden, m\u00f6glicherweise steckt jedoch nichts weiter als eine ausgepr\u00e4gte Abneigung gegen\u00fcber einer offengelegten Privatsph\u00e4re dahinter, durch die sie auf der Archer bereits in Konflikt mit der Federation Prawda geraten ist.<\/p>\n<p>Nach mehreren gescheiterten Beziehungen, an deren Ende sie sich die Schuld gibt, und einer unerwarteten Liebeserkl\u00e4rung eines kurz darauf verschollenen Freundes, ist Yvonne derzeit (Ende 2415) wieder Single. An einer neuen Partnerschaft ist sie nicht interessiert, sondern will sich zun\u00e4chst einmal einige Sachen &#8218;auf die Reihe&#8216; kriegen. Einer gelegentlichen Aff\u00e4re oder einem One-Night-Stand ohne Verpflichtungen gegen\u00fcber ist sie jedoch nicht abgeneigt.<\/p>\n<p>Yvonne hat eine ausgepr\u00e4gte Gruppenloyalit\u00e4t. Personen, die sie zu ihrer Gruppe z\u00e4hlt (in erster Linie direkte Kollegen und Freunde, zu einem geringeren Grad auch Untergebene) wird sie gegen von ihr empfundene Bedrohungen von ausserhalb dieser Gruppe energisch verteidigen &#8211; welcher Art diese Bedrohung ist ist dabei zweitrangig. Wenn ein Mitglied ihrer Gruppe zu Schaden kommt kann sie viel Ehrgeiz an den Tag legen um den Verantwortlichen zu finden und zur Rechenschaft zu ziehen. Wenn es n\u00f6tig ist ist sie dazu auch bereit regeln zu brechen und sich selbst in Gefahr zu begeben.<\/p>\n<p>&nbsp;<\/p>\n<hr \/>\n<p><strong><span style=\"font-size: 24pt;\">Spezialgebiete<\/span><\/strong><\/p>\n<p><u><strong>Sprachen<\/strong><\/u><\/p>\n<p>Beherrscht Deutsch und Vulkanisch flie\u00dfend sowie gutes Fren (Ferengi).<br \/>\nDar\u00fcber hinaus m\u00e4\u00dfige Rihankenntnisse (Romulanisch).<\/p>\n<p><u><strong>Ausbildungsschwerpunkte Sternenflotte<\/strong><\/u><\/p>\n<p>Shuttlefluglizenz Klassen 9, 10-12, 14-16, 18<br \/>\nFluglizenzen f\u00fcr Raumfahrzeuge der Peregrine-, Valkyrie- und Danube-Klasse; Rufzeichen: Ermelyn<br \/>\nTaktische Grund- und erweiterte Ausbildung; Schwerpunkt Evasivtechniken<br \/>\nBr\u00fcckenoffizierspatent<br \/>\nPersonalf\u00fchrung<br \/>\nLogistik<br \/>\nbewaffnete (Phaser) und waffenlose Selbstverteidigung (mit guten bzw. befriedigenden Leistungen)<br \/>\nstellare Navigation<br \/>\nAllgemeine Technik der Sternenflotte (\u00dcbersichtskurs)<br \/>\nbegrenzte IDV (isolineare Datenverarbeitung)-Kenntnisse (auf der USS Penrose erworben)<\/p>\n<p>&nbsp;<\/p>\n<hr \/>\n<p><strong><span style=\"font-size: 24pt;\">Hobbies<\/span><\/strong><\/p>\n<p><u><strong>Interessengebiete (Auswahl)<\/strong><\/u><\/p>\n<p>Soziostruktur des romulanischen Volkes<br \/>\nSoziostruktur der Ferengi<br \/>\nFr\u00fchvulkanische Literatur<br \/>\nModellbau (vorzugsweise Raumschiffe der letzten zwei Jahrhunderte)<br \/>\nEl`Aurianische Weine<br \/>\nGagh-Aufzucht<br \/>\nKochen<br \/>\nVolleyball<br \/>\nChansons<\/p>\n<hr \/>\n<p><strong><span style=\"font-size: 24pt;\">Medizinisches Profil<\/span><\/strong><\/p>\n<p>Yvonne Renard ist k\u00f6rperlich in guter Verfassung. Kinderkrankheiten, wie z.B. Masern, haben bei ihr ebenso wenig bleibende Sch\u00e4den hinterlassen wie ein Armbruch, den sie sich in ihrer Schulzeit w\u00e4hrend des Sportunterrichts zugezogen hatte.<\/p>\n<p>Sie verf\u00fcgt \u00fcber eine gute Auge-Hand-Koordination und Kondition, welche sie sich durch regelm\u00e4\u00dfiges Training erh\u00e4lt &#8211; wobei der Schwerpunkt dieses Trainings eher auf den Bereichen Ausdauer, Schnelligkeit und Beweglichkeit als blo\u00dfer Kraft liegt.<\/p>\n<p><strong>Medizinische Untersuchung<\/strong><\/p>\n<p>Subjekt: Yvonne Renard<br \/>\nZweck: Untersuchung bez\u00fcglich m\u00f6glicher Eignung f\u00fcr die Wiederaufnahme des Dienstes<br \/>\nZeit: SZ 170308.6<\/p>\n<p>Die Patientin ist bei guter Gesundheit, auch wenn ein erh\u00f6hter 1,3,7-Trimethylxanthin-Spiegel festzustellen ist. Somit gibt es keine medizinischen Gr\u00fcnde, die gegen eine Wiederaufnahme des Dienstes sprechen.<br \/>\nDer Gr\u00fcndertest verlief negativ.<\/p>\n<p>Dr. Lara Gustabi<\/p>\n<p>z.H. FKOM, Personalabteilung<\/p>\n<hr \/>\n<p><strong><span style=\"font-size: 24pt;\">Referenzen<\/span><\/strong><\/p>\n<p>Psychologische Beurteilung von Lt(jg). Yvonne Renard, 4.6.2398 (SZ 40406.8); von Fhn. Joaquin Ruach, CNS USS Penrose<\/p>\n<p>Betreff:Eignung von Lt(jg). Renard f\u00fcr die Bef\u00f6rderung zur Lt(sg).<\/p>\n<p>Lt(jg). Renard versieht seit 5 Jahren ihren Dienst auf der USS Penrose, davon die letzten drei als 2. Offizier. W\u00e4hrend dieser Zeit ist sie ihren Dienstverpflichtungen gr\u00f6\u00dftenteils gewissenhaft und zuverl\u00e4ssig nachgekommen und hat auf dem Schiff eine Anzahl von Freunden gefunden, die weit gr\u00f6\u00dfer ist als die Anzahl derer, zu denen sie eine eher gespannte Beziehung hat.<\/p>\n<p>Lt. Renard ist eine kontaktfreudige Person, die wenig Probleme damit zu haben scheint, auf andere zuzugehen und sich mit ihnen anzufreunden oder sie um deren Meinung zu fragen. Des weiteren hat sie in den vergangen Jahren mehrfach bewiesen, das sie hinter der Crew steht und ein offenes Ohr f\u00fcr ihre Probleme und W\u00fcnsche hat &#8211; sofern diese einen vern\u00fcnftigen Hintergrund haben.<\/p>\n<p>Ein weiterer Punkt, der f\u00fcr Lt. Renard spricht, ist das bei ihrem Handeln das Wohl des Schiffes und der Besatzung im Vordergrund stehen; au\u00dferdem w\u00fcrde sie von der Besatzung nichts verlangen, das zu tun sie selbst nicht bereit w\u00e4re.<\/p>\n<p>An Gr\u00fcnden, die aus meiner Sicht gegen Lt. Renard sprechen, m\u00f6chte ich auff\u00fchren, das sie bisweilen recht spontan reagiert und sich nicht immer die n\u00f6tige Zeit nimmt, verschiedene Handlungsalternativen abzuw\u00e4gen.<\/p>\n<p>Insbesondere in Stresssituationen tendiert sie dazu, \u00fcbereilt zu reagieren. Ihre Priorit\u00e4ten werden davon allerdings nicht beeintr\u00e4chtigt.<\/p>\n<p>Eine weitere Schw\u00e4che von Lt. Renard ist, das sie, obgleich sie bereit ist, jemanden um Rat zu fragen, nur ungern einen ungefragten Rat annimmt. \u00dcblicherweise reagiert sie in solchen F\u00e4llen recht abweisend, bisweilen sogar arrogant, je nachdem, wie angemessen der Ratschlag der Situation ist. In der Tat ist diese Eigenschaft von ihr der Hauptgrund daf\u00fcr, das sie sich mit einigen Crewmitgliedern nicht so gut versteht wie mit anderen.<\/p>\n<p>Auch f\u00e4llt es ihr -wie ich finde \u00fcberraschenderweise- schwer, sich anschlie\u00dfend f\u00fcr ihr Verhalten zu entschuldigen, auch wenn ich der \u00dcberzeugung bin, das sie durchaus den Wert eines Ratschlags erkennt.<\/p>\n<p>Zusammenfassend sehe ich Lt(jg). Renard als eine durchaus f\u00e4hige Offizierin an, und ich unterst\u00fctzte ihre Bef\u00f6rderung zur Lt(sg).<\/p>\n<p>gez. Fhn. Joaquin Ruach CNS USS Penrose<\/p>\n<p>z.H. Cmdr. Anastasia Auriga, CO USS Penrose<br \/>\nLt.Cmdr. Halcyon Tokar, EO USS Penrose<br \/>\nCdor. McTalbot, Ganymed<\/p>\n<p><strong>Empfehlungsschreiben bzgl. Bef\u00f6rderung zum Commander<\/strong><\/p>\n<p>Cmdr. Renard hat in den letzten vier Jahren, in denen sie als EO auf der USS Archer gedient hat, au\u00dfergew\u00f6hnliche Leistungen erbracht. Ihr offenes, kontaktfreudiges Wesen erm\u00f6glichte viele Ankn\u00fcpfpunkte mit der Crew. Besonders betonen m\u00f6chte ich ihre integrative Funktion, viele verschiedenartige Besatzungsmitglieder der unterschiedlichsten Spezies begeistern und motivieren zu k\u00f6nnen. Verschiedene Crewmitglieder haben Cmdr Renard wiederholt als das &#8222;Herz&#8220; der Archer bezeichnet &#8211; ein Bild, dem ich nach der ausf\u00fchrlichen Erkl\u00e4rung besagter Crewmitglieder zustimmen kann. Sie hat ihre Loyalit\u00e4t gegen\u00fcber F\u00f6deration, Sternenflotte, Schiff und Crew, wenn auch nicht immer in dieser Reihenfolge, mehrfach unter Beweis gestellt. Ihren Mut und ihre Entschlusskraft stellte sie eindrucksvoll unter Beweis, als sie die Besatzung der Archer organisierte und einen Angriff auf das Schiff abwehrte. In verlustreichem Kampf besiegte sie eine \u00dcbermacht von mehreren hunderttausend Tribbles &#8211; sie selbst mit \u00fcber 1000 best\u00e4tigten Absch\u00fc\u00dfen &#8211; und eroberte das Schiff aus den Klauenf\u00e4ngen der Fellen der Invasoren zur\u00fcck.<\/p>\n<p>Mit Cmdr. Renard besitzt die Archer eine respektierte F\u00fchrungsoffizierin. Ich bin mir sicher, dass die Sternenflotte diese bemerkenswerte Frau weiter f\u00f6rdern und in den Rang eines Commanders erheben sollte.<\/p>\n<p>gezeichnet Cpt Tarrychk &#8218;tRRRg BrocrargRn CO USS Archer<\/p>\n<hr \/>\n<p><strong><span style=\"font-size: 24pt;\">Klassifzierte Sektion<\/span><\/strong><\/p>\n<p>Wie mittlerweile bekannt wurde verbrachte Yvonne zumindest einen Teil ihrer f\u00fcnfj\u00e4hrigen Abwesenheit im Mylasa-Sektor, einem rechtsfreien Raum in der N\u00e4he des romulanischen Hoheitsgebiets, wo sie unter anderem als Schmugglerin aktiv war und Kontakte zur Unterwelt besa\u00df. Jedoch h\u00e4lt sie sich weiterhin zu dem Thema bedeckt. Die einzige Person auf der Odyssey, die tiefere Einblicke in diese f\u00fcnf Jahre erhalten hat, ist Skyla Lyma &#8211; und auch dies haupts\u00e4chlich \u00fcber ihren kontakttelepathischen Tribble.<\/p>\n","protected":false},"excerpt":{"rendered":"<p>Yvonne Renard Status PC Spieler Lasse W. Dienstliche Informationen Ranggrafik Rang Commander Posten EO Stationierung USB Midgard Biographische Informationen Geburtstag 12.08.2368 Geburtsort Nordwijk\/Europa\/Erde Familienstand ledig, Single Eltern Vater: Paul Renard, *17.6.2338 +9.11.2382 Mutter: Karen Renard, geb. Sommer, *5.3.2341 Physische Beschreibung Spezies Mensch Geschlecht weiblich Gr\u00f6\u00dfe 173 cm Gewicht 63kg Haarfarbe braun (gef\u00e4rbt; Naturfarbe blond) schulterlang&#8230;<\/p>\n<p class=\"more-link-wrap\"><a href=\"https:\/\/sf-germany.com\/einheiten\/usb-midgard\/usb-midgard-sb-61\/die-crew\/yvonne-renard\/\" class=\"more-link\">Read More<span class=\"screen-reader-text\"> &ldquo;Yvonne Renard&rdquo;<\/span> &raquo;<\/a><\/p>\n","protected":false},"author":1,"featured_media":0,"parent":75,"menu_order":2,"comment_status":"closed","ping_status":"closed","template":"","meta":{"footnotes":""},"class_list":["post-206","page","type-page","status-publish","hentry"],"_links":{"self":[{"href":"https:\/\/sf-germany.com\/einheiten\/usb-midgard\/wp-json\/wp\/v2\/pages\/206","targetHints":{"allow":["GET"]}}],"collection":[{"href":"https:\/\/sf-germany.com\/einheiten\/usb-midgard\/wp-json\/wp\/v2\/pages"}],"about":[{"href":"https:\/\/sf-germany.com\/einheiten\/usb-midgard\/wp-json\/wp\/v2\/types\/page"}],"author":[{"embeddable":true,"href":"https:\/\/sf-germany.com\/einheiten\/usb-midgard\/wp-json\/wp\/v2\/users\/1"}],"replies":[{"embeddable":true,"href":"https:\/\/sf-germany.com\/einheiten\/usb-midgard\/wp-json\/wp\/v2\/comments?post=206"}],"version-history":[{"count":5,"href":"https:\/\/sf-germany.com\/einheiten\/usb-midgard\/wp-json\/wp\/v2\/pages\/206\/revisions"}],"predecessor-version":[{"id":734,"href":"https:\/\/sf-germany.com\/einheiten\/usb-midgard\/wp-json\/wp\/v2\/pages\/206\/revisions\/734"}],"up":[{"embeddable":true,"href":"https:\/\/sf-germany.com\/einheiten\/usb-midgard\/wp-json\/wp\/v2\/pages\/75"}],"wp:attachment":[{"href":"https:\/\/sf-germany.com\/einheiten\/usb-midgard\/wp-json\/wp\/v2\/media?parent=206"}],"curies":[{"name":"wp","href":"https:\/\/api.w.org\/{rel}","templated":true}]}}